{"id":22,"date":"2026-03-26T20:59:54","date_gmt":"2026-03-26T20:59:54","guid":{"rendered":"https:\/\/portuguesemdia.pt\/?page_id=22"},"modified":"2026-04-24T21:47:26","modified_gmt":"2026-04-24T21:47:26","slug":"inicio","status":"publish","type":"page","link":"https:\/\/portuguesemdia.pt\/index.php\/inicio\/","title":{"rendered":"Inicio"},"content":{"rendered":"\n<div class=\"wp-block-uagb-container uagb-block-7d80a3af alignfull uagb-is-root-container\"><div class=\"uagb-container-inner-blocks-wrap\">\n<div class=\"wp-block-uagb-container uagb-block-5c39b8e4 alignfull uagb-is-root-container\"><div class=\"uagb-container-inner-blocks-wrap\">\n<div class=\"wp-block-uagb-container uagb-block-aae1876b\">\n<div class=\"wp-block-uagb-advanced-heading uagb-block-8f3fd543\"><h1 class=\"uagb-heading-text\"><strong>Portugu\u00eas em Dia<\/strong><\/h1><\/div>\n\n\n\n<div class=\"wp-block-uagb-advanced-heading uagb-block-ba74990b\"><h2 class=\"uagb-heading-text\">Palavras que Falam com Precis\u00e3o e Clareza<\/h2><\/div>\n\n\n\n<div class=\"wp-block-uagb-advanced-heading uagb-block-bdd3ffac\"><h6 class=\"uagb-heading-text\">Revis\u00e3o de Textos para profissionais, particulares, empresas e institui\u00e7\u00f5es que valorizam a eleg\u00e2ncia da sua comunica\u00e7\u00e3o.<\/h6><\/div>\n\n\n\n<div class=\"wp-block-uagb-buttons uagb-buttons__outer-wrap uagb-btn__default-btn uagb-btn-tablet__default-btn uagb-btn-mobile__default-btn uagb-block-61a50678\"><div class=\"uagb-buttons__wrap uagb-buttons-layout-wrap \">\n<div class=\"wp-block-uagb-buttons-child uagb-buttons__outer-wrap uagb-block-3a606e9b wp-block-button\"><div class=\"uagb-button__wrapper\"><a class=\"uagb-buttons-repeater wp-block-button__link\" aria-label=\"\" href=\"#\" rel=\"follow noopener\" target=\"_self\" role=\"button\"><div class=\"uagb-button__link\"><strong>Pedir or\u00e7amento<\/strong><\/div><\/a><\/div><\/div>\n<\/div><\/div>\n<\/div>\n\n\n\n<div class=\"wp-block-uagb-container uagb-block-636e02b4\"><\/div>\n<\/div><\/div>\n<\/div><\/div>\n\n\n\n<div class=\"wp-block-uagb-container uagb-block-d5ab7c5a alignfull uagb-is-root-container\"><div class=\"uagb-container-inner-blocks-wrap\">\n<div class=\"wp-block-uagb-container uagb-block-d0c32e2d alignfull uagb-is-root-container\"><div class=\"uagb-container-inner-blocks-wrap\">\n<div class=\"wp-block-uagb-container uagb-block-486e6724\">\n<div class=\"wp-block-uagb-image uagb-block-661caf80 wp-block-uagb-image--layout-default wp-block-uagb-image--effect-static wp-block-uagb-image--align-none\"><figure class=\"wp-block-uagb-image__figure\"><img decoding=\"async\" srcset=\"https:\/\/portuguesemdia.pt\/wp-content\/uploads\/2026\/04\/Escrever-e-um-arte-transparente.png ,https:\/\/portuguesemdia.pt\/wp-content\/uploads\/2026\/04\/Escrever-e-um-arte-transparente.png 780w, https:\/\/portuguesemdia.pt\/wp-content\/uploads\/2026\/04\/Escrever-e-um-arte-transparente.png 360w\" sizes=\"auto, (max-width: 480px) 150px\" src=\"https:\/\/portuguesemdia.pt\/wp-content\/uploads\/2026\/04\/Escrever-e-um-arte-transparente.png\" alt=\"\" class=\"uag-image-70\" width=\"900\" height=\"600\" title=\"Escrever \u00e9 um arte - transparente\" loading=\"lazy\" role=\"img\"\/><\/figure><\/div>\n<\/div>\n\n\n\n<div class=\"wp-block-uagb-container uagb-block-af70a07c\">\n<div class=\"wp-block-uagb-advanced-heading uagb-block-abb67142\"><h2 class=\"uagb-heading-text\"><strong>Escrever \u00e9 uma arte, mas escolher as palavras certas n\u00e3o chega.<\/strong><\/h2><\/div>\n\n\n\n<div class=\"wp-block-uagb-advanced-heading uagb-block-c828475a\"><h6 class=\"uagb-heading-text\">Uma gram\u00e1tica e ortografia corretas demonstram respeito pelo leitor, evitam mal-entendidos e facilitam uma comunica\u00e7\u00e3o clara e eficaz.<br>&nbsp;<br>Dou aos seus textos o toque final de profissionalismo que eles merecem, para que cada palavra reforce a relev\u00e2ncia, reputa\u00e7\u00e3o e credibilidade da sua marca pessoal e empresarial.<\/h6><\/div>\n\n\n\n<div class=\"wp-block-uagb-advanced-heading uagb-block-4dc24ea4\"><h6 class=\"uagb-heading-text\">Quer o meu olhar profissional no seu texto? Envie-me uma mensagem!<\/h6><\/div>\n\n\n\n<div class=\"wp-block-uagb-buttons uagb-buttons__outer-wrap uagb-btn__default-btn uagb-btn-tablet__default-btn uagb-btn-mobile__default-btn uagb-block-ef31eac3\"><div class=\"uagb-buttons__wrap uagb-buttons-layout-wrap \">\n<div class=\"wp-block-uagb-buttons-child uagb-buttons__outer-wrap uagb-block-26d1aff2 wp-block-button\"><div class=\"uagb-button__wrapper\"><a class=\"uagb-buttons-repeater wp-block-button__link\" aria-label=\"\" href=\"#\" rel=\"follow noopener\" target=\"_self\" role=\"button\"><div class=\"uagb-button__link\"><strong>Contacto<\/strong><\/div><\/a><\/div><\/div>\n<\/div><\/div>\n<\/div>\n<\/div><\/div>\n<\/div><\/div>\n\n\n\n<div class=\"wp-block-uagb-container uagb-block-5a4d31a0 alignfull uagb-is-root-container\"><div class=\"uagb-container-inner-blocks-wrap\">\n<div class=\"wp-block-uagb-advanced-heading uagb-block-05c2e42e\"><h2 class=\"uagb-heading-text\"><strong>O seu objetivo \u00e9:<\/strong><\/h2><\/div>\n\n\n\n<div class=\"wp-block-uagb-container uagb-block-c56873b2 alignfull uagb-is-root-container\"><div class=\"uagb-container-inner-blocks-wrap\">\n<div class=\"wp-block-uagb-container uagb-block-70a5f4d0\">\n<div class=\"wp-block-uagb-container uagb-block-909c92a4\">\n<div class=\"wp-block-uagb-info-box uagb-block-595a2540 uagb-infobox__content-wrap  uagb-infobox-icon-left-title uagb-infobox-left uagb-infobox-image-valign-top\"><div class=\"uagb-ifb-content\"><div class=\"uagb-ifb-left-title-image\"><div class=\"uagb-ifb-icon-wrap\"><svg xmlns=\"https:\/\/www.w3.org\/2000\/svg\" viewBox=\"0 0 448 512\"><path d=\"M438.6 105.4C451.1 117.9 451.1 138.1 438.6 150.6L182.6 406.6C170.1 419.1 149.9 419.1 137.4 406.6L9.372 278.6C-3.124 266.1-3.124 245.9 9.372 233.4C21.87 220.9 42.13 220.9 54.63 233.4L159.1 338.7L393.4 105.4C405.9 92.88 426.1 92.88 438.6 105.4H438.6z\"><\/path><\/svg><\/div><div class=\"uagb-ifb-title-wrap\"><h4 class=\"uagb-ifb-title\"><strong>Transmitir credibilidade<\/strong><\/h4><\/div><\/div><p class=\"uagb-ifb-desc\">Confian\u00e7a e profissionalismo atrav\u00e9s de uma comunica\u00e7\u00e3o clara e correta.<\/p><\/div><\/div>\n<\/div>\n\n\n\n<div class=\"wp-block-uagb-container uagb-block-b9cc604f\">\n<div class=\"wp-block-uagb-info-box uagb-block-fbb3b71e uagb-infobox__content-wrap  uagb-infobox-icon-left-title uagb-infobox-left uagb-infobox-image-valign-top\"><div class=\"uagb-ifb-content\"><div class=\"uagb-ifb-left-title-image\"><div class=\"uagb-ifb-icon-wrap\"><svg xmlns=\"https:\/\/www.w3.org\/2000\/svg\" viewBox=\"0 0 448 512\"><path d=\"M438.6 105.4C451.1 117.9 451.1 138.1 438.6 150.6L182.6 406.6C170.1 419.1 149.9 419.1 137.4 406.6L9.372 278.6C-3.124 266.1-3.124 245.9 9.372 233.4C21.87 220.9 42.13 220.9 54.63 233.4L159.1 338.7L393.4 105.4C405.9 92.88 426.1 92.88 438.6 105.4H438.6z\"><\/path><\/svg><\/div><div class=\"uagb-ifb-title-wrap\"><h4 class=\"uagb-ifb-title\"><strong><strong>Evitar erros prejudiciais<\/strong><\/strong><\/h4><\/div><\/div><p class=\"uagb-ifb-desc\">Erros gramaticais, ortogr\u00e1ficos ou de digita\u00e7\u00e3o transmitam uma imagem de falta de profissionalismo e prejudiquem a autoridade e a reputa\u00e7\u00e3o da sua marca.<\/p><\/div><\/div>\n<\/div>\n\n\n\n<div class=\"wp-block-uagb-container uagb-block-a2a9eaa7\">\n<div class=\"wp-block-uagb-info-box uagb-block-db41018f uagb-infobox__content-wrap  uagb-infobox-icon-left-title uagb-infobox-left uagb-infobox-image-valign-top\"><div class=\"uagb-ifb-content\"><div class=\"uagb-ifb-left-title-image\"><div class=\"uagb-ifb-icon-wrap\"><svg xmlns=\"https:\/\/www.w3.org\/2000\/svg\" viewBox=\"0 0 448 512\"><path d=\"M438.6 105.4C451.1 117.9 451.1 138.1 438.6 150.6L182.6 406.6C170.1 419.1 149.9 419.1 137.4 406.6L9.372 278.6C-3.124 266.1-3.124 245.9 9.372 233.4C21.87 220.9 42.13 220.9 54.63 233.4L159.1 338.7L393.4 105.4C405.9 92.88 426.1 92.88 438.6 105.4H438.6z\"><\/path><\/svg><\/div><div class=\"uagb-ifb-title-wrap\"><h4 class=\"uagb-ifb-title\"><strong><strong><strong>Garantir seguran\u00e7a<\/strong><\/strong><\/strong><\/h4><\/div><\/div><p class=\"uagb-ifb-desc\">Ter a certeza absoluta quanto \u00e0 qualidade do texto antes de o publicar.<\/p><\/div><\/div>\n<\/div>\n\n\n\n<div class=\"wp-block-uagb-container uagb-block-bdff9f78\">\n<div class=\"wp-block-uagb-info-box uagb-block-5390cd21 uagb-infobox__content-wrap  uagb-infobox-icon-left-title uagb-infobox-left uagb-infobox-image-valign-top\"><div class=\"uagb-ifb-content\"><div class=\"uagb-ifb-left-title-image\"><div class=\"uagb-ifb-icon-wrap\"><svg xmlns=\"https:\/\/www.w3.org\/2000\/svg\" viewBox=\"0 0 448 512\"><path d=\"M438.6 105.4C451.1 117.9 451.1 138.1 438.6 150.6L182.6 406.6C170.1 419.1 149.9 419.1 137.4 406.6L9.372 278.6C-3.124 266.1-3.124 245.9 9.372 233.4C21.87 220.9 42.13 220.9 54.63 233.4L159.1 338.7L393.4 105.4C405.9 92.88 426.1 92.88 438.6 105.4H438.6z\"><\/path><\/svg><\/div><div class=\"uagb-ifb-title-wrap\"><h4 class=\"uagb-ifb-title\"><strong><strong><strong><strong>Evitar preju\u00edzos financeiros<\/strong><\/strong><\/strong><\/strong><\/h4><\/div><\/div><p class=\"uagb-ifb-desc\">A falta de clareza na comunica\u00e7\u00e3o escrita pode ter consequ\u00eancias reais e custosas.<\/p><\/div><\/div>\n<\/div>\n\n\n\n<div class=\"wp-block-uagb-container uagb-block-5b4db240\">\n<div class=\"wp-block-uagb-info-box uagb-block-82ae67f7 uagb-infobox__content-wrap  uagb-infobox-icon-left-title uagb-infobox-left uagb-infobox-image-valign-top\"><div class=\"uagb-ifb-content\"><div class=\"uagb-ifb-left-title-image\"><div class=\"uagb-ifb-icon-wrap\"><svg xmlns=\"https:\/\/www.w3.org\/2000\/svg\" viewBox=\"0 0 448 512\"><path d=\"M438.6 105.4C451.1 117.9 451.1 138.1 438.6 150.6L182.6 406.6C170.1 419.1 149.9 419.1 137.4 406.6L9.372 278.6C-3.124 266.1-3.124 245.9 9.372 233.4C21.87 220.9 42.13 220.9 54.63 233.4L159.1 338.7L393.4 105.4C405.9 92.88 426.1 92.88 438.6 105.4H438.6z\"><\/path><\/svg><\/div><div class=\"uagb-ifb-title-wrap\"><h4 class=\"uagb-ifb-title\"><strong><strong><strong>Ganhar tempo e energia para o essencial<\/strong><\/strong><\/strong><\/h4><\/div><\/div><p class=\"uagb-ifb-desc\">Delegar a revis\u00e3o para garantir rapidez e precis\u00e3o, focando-se no essencial.<\/p><\/div><\/div>\n<\/div>\n<\/div>\n\n\n\n<div class=\"wp-block-uagb-container uagb-block-bbc55c75\">\n<div class=\"wp-block-uagb-advanced-heading uagb-block-c0d9cf86\"><h3 class=\"uagb-heading-text\"><strong>A solu\u00e7\u00e3o<\/strong><\/h3><\/div>\n\n\n\n<div class=\"wp-block-uagb-container uagb-block-cf72d6da\">\n<div class=\"wp-block-uagb-advanced-heading uagb-block-259c965e\"><h6 class=\"uagb-heading-text\">Com uma parceria estrat\u00e9gica para garantir a qualidade do seu material escrito.<\/h6><\/div>\n\n\n\n<div class=\"wp-block-uagb-advanced-heading uagb-block-cc37ad34\"><p class=\"uagb-heading-text\">Atrav\u00e9s de uma revis\u00e3o completa e minuciosa, asseguro que a sua mensagem chegue ao leitor isenta de erros, com clareza, coer\u00eancia, precis\u00e3o e adaptada ao seu p\u00fablico-alvo.<\/p><\/div>\n<\/div>\n\n\n\n<div class=\"wp-block-uagb-image uagb-block-391ec3b4 wp-block-uagb-image--layout-default wp-block-uagb-image--effect-static wp-block-uagb-image--align-none\"><figure class=\"wp-block-uagb-image__figure\"><img decoding=\"async\" srcset=\"https:\/\/portuguesemdia.pt\/wp-content\/uploads\/2026\/03\/Logo-web.png ,https:\/\/portuguesemdia.pt\/wp-content\/uploads\/2026\/03\/Logo-web.png 780w, https:\/\/portuguesemdia.pt\/wp-content\/uploads\/2026\/03\/Logo-web.png 360w\" sizes=\"auto, (max-width: 480px) 150px\" src=\"https:\/\/portuguesemdia.pt\/wp-content\/uploads\/2026\/03\/Logo-web.png\" alt=\"\" class=\"uag-image-25\" width=\"220\" height=\"220\" title=\"Logo web\" loading=\"lazy\" role=\"img\"\/><\/figure><\/div>\n<\/div>\n<\/div><\/div>\n<\/div><\/div>\n\n\n\n<p><\/p>\n","protected":false},"excerpt":{"rendered":"<p>Portugu\u00eas em Dia Palavras que Falam com Precis\u00e3o e Clareza Revis\u00e3o de Textos para profissionais, particulares, empresas e institui\u00e7\u00f5es que [&hellip;]<\/p>\n","protected":false},"author":1,"featured_media":0,"parent":0,"menu_order":0,"comment_status":"closed","ping_status":"closed","template":"","meta":{"_uag_custom_page_level_css":"","site-sidebar-layout":"default","site-content-layout":"","ast-site-content-layout":"default","site-content-style":"default","site-sidebar-style":"default","ast-global-header-display":"","ast-banner-title-visibility":"","ast-main-header-display":"","ast-hfb-above-header-display":"","ast-hfb-below-header-display":"","ast-hfb-mobile-header-display":"","site-post-title":"disabled","ast-breadcrumbs-content":"","ast-featured-img":"","footer-sml-layout":"","ast-disable-related-posts":"","theme-transparent-header-meta":"","adv-header-id-meta":"","stick-header-meta":"","header-above-stick-meta":"","header-main-stick-meta":"","header-below-stick-meta":"","astra-migrate-meta-layouts":"default","ast-page-background-enabled":"default","ast-page-background-meta":{"desktop":{"background-color":"var(--ast-global-color-5)","background-image":"","background-repeat":"repeat","background-position":"center center","background-size":"auto","background-attachment":"scroll","background-type":"","background-media":"","overlay-type":"","overlay-color":"","overlay-opacity":"","overlay-gradient":""},"tablet":{"background-color":"","background-image":"","background-repeat":"repeat","background-position":"center center","background-size":"auto","background-attachment":"scroll","background-type":"","background-media":"","overlay-type":"","overlay-color":"","overlay-opacity":"","overlay-gradient":""},"mobile":{"background-color":"","background-image":"","background-repeat":"repeat","background-position":"center center","background-size":"auto","background-attachment":"scroll","background-type":"","background-media":"","overlay-type":"","overlay-color":"","overlay-opacity":"","overlay-gradient":""}},"ast-content-background-meta":{"desktop":{"background-color":"var(--ast-global-color-4)","background-image":"","background-repeat":"repeat","background-position":"center center","background-size":"auto","background-attachment":"scroll","background-type":"","background-media":"","overlay-type":"","overlay-color":"","overlay-opacity":"","overlay-gradient":""},"tablet":{"background-color":"var(--ast-global-color-4)","background-image":"","background-repeat":"repeat","background-position":"center center","background-size":"auto","background-attachment":"scroll","background-type":"","background-media":"","overlay-type":"","overlay-color":"","overlay-opacity":"","overlay-gradient":""},"mobile":{"background-color":"var(--ast-global-color-4)","background-image":"","background-repeat":"repeat","background-position":"center center","background-size":"auto","background-attachment":"scroll","background-type":"","background-media":"","overlay-type":"","overlay-color":"","overlay-opacity":"","overlay-gradient":""}},"footnotes":""},"class_list":["post-22","page","type-page","status-publish","hentry"],"uagb_featured_image_src":{"full":false,"thumbnail":false,"medium":false,"medium_large":false,"large":false,"1536x1536":false,"2048x2048":false},"uagb_author_info":{"display_name":"admin","author_link":"https:\/\/portuguesemdia.pt\/index.php\/author\/webmaster\/"},"uagb_comment_info":0,"uagb_excerpt":"Portugu\u00eas em Dia Palavras que Falam com Precis\u00e3o e Clareza Revis\u00e3o de Textos para profissionais, particulares, empresas e institui\u00e7\u00f5es que [&hellip;]","_links":{"self":[{"href":"https:\/\/portuguesemdia.pt\/index.php\/wp-json\/wp\/v2\/pages\/22","targetHints":{"allow":["GET"]}}],"collection":[{"href":"https:\/\/portuguesemdia.pt\/index.php\/wp-json\/wp\/v2\/pages"}],"about":[{"href":"https:\/\/portuguesemdia.pt\/index.php\/wp-json\/wp\/v2\/types\/page"}],"author":[{"embeddable":true,"href":"https:\/\/portuguesemdia.pt\/index.php\/wp-json\/wp\/v2\/users\/1"}],"replies":[{"embeddable":true,"href":"https:\/\/portuguesemdia.pt\/index.php\/wp-json\/wp\/v2\/comments?post=22"}],"version-history":[{"count":62,"href":"https:\/\/portuguesemdia.pt\/index.php\/wp-json\/wp\/v2\/pages\/22\/revisions"}],"predecessor-version":[{"id":102,"href":"https:\/\/portuguesemdia.pt\/index.php\/wp-json\/wp\/v2\/pages\/22\/revisions\/102"}],"wp:attachment":[{"href":"https:\/\/portuguesemdia.pt\/index.php\/wp-json\/wp\/v2\/media?parent=22"}],"curies":[{"name":"wp","href":"https:\/\/api.w.org\/{rel}","templated":true}]}}